{"id":1131,"date":"2022-06-23T18:15:58","date_gmt":"2022-06-23T16:15:58","guid":{"rendered":"http:\/\/localhost\/ACB\/verleugnete\/public_wp\/biography\/franziska-v\/"},"modified":"2025-02-06T12:01:44","modified_gmt":"2025-02-06T11:01:44","slug":"fanny-vesela","status":"publish","type":"biography","link":"https:\/\/www.die-verleugneten.de\/en\/biography\/fanny-vesela\/","title":{"rendered":"Franziska V."},"content":{"rendered":"\n<h2 class=\"wp-block-heading\"><strong><strong>\u00bb<a tabindex=\"0\" role=\"button\" class=\"glossary\" data-bs-toggle=\"popover\" data-bs-trigger=\"hover focus\" title=\"Schlurf\" data-bs-content-id=\"popover-id-3124\" aria-label=\"Schlurf - Glossary term\">Schlurf<\/a> girls\u00ab against the Nazis<\/strong><\/strong><\/h2>\n\n\n\n<p>This song text, which Franziska V. wrote in an exercise book, sums up the \u00bbSchlurf\u00ab spirit:<\/p>\n\n\n\n<div class=\"wp-block-columns is-layout-flex wp-container-core-columns-is-layout-9d6595d7 wp-block-columns-is-layout-flex\">\n<div class=\"wp-block-column is-layout-flow wp-block-column-is-layout-flow\">\n<p>\u00bbYou don\u2019t need to worry about us,<br>because we Schlurf girls are here to stay.<br>Lock us away in some institution,<br>we\u2019ll get out of there anyway.<br>We&#8217;ll whistle at their work, toss it aside,<br>Nights spent out, no need to abide.<br>So girls, don\u2019t let them shape how you\u2019ll be, or it\u2019s bye-bye to freedom, just wait and see.\u00ab<\/p>\n<\/div>\n\n\n\n<div class=\"wp-block-column is-layout-flow wp-block-column-is-layout-flow\" style=\"flex-basis:50%\">\n<figure class=\"wp-block-audio\"><audio controls src=\"https:\/\/www.die-verleugneten.de\/wp-content\/uploads\/2022\/06\/schlurflied-eingesprochen.mp3\"><\/audio><figcaption class=\"wp-element-caption\">Schlurf-song from Franziska&#8217;s dossier at the Bischofsried workhouse for iterants. <br><sub>Source: Institut f\u00fcr Zeitgeschichte M\u00fcnchen \u2013 Berlin, ED 728-2880-33<\/sub><\/figcaption><\/figure>\n<\/div>\n<\/div>\n\n\n\n<div class=\"wp-block-boom-spacer\" style=\"height:2.5rem\"><\/div>\n\n\n\n<p>However, Fanny Vesela\u2019s parents did not approve of her lifestyle. She often came home late at night and had no interest in finding steady employment. In spring 1942 her mother sought help from Vienna\u2019s Youth Wel\u00adfare Office and consulted its \u00bbeducational counselling service\u00ab. <a>The authorities were quick to respond. A week later Fanny Vesela was admitted to a reformatory \u00bbfor monitoring\u00ab. <\/a>Additional spells in other institutions followed.<\/p>\n\n\n\n<p>A year later the employment office found Fanny work as a domestic servant. She was allowed to live back at home with her parents temporarily. According to the files, she was dismissed \u00bbfor various counts of theft\u00ab. <a>Vienna\u2019s Local Court subsequently ruled that she was to be placed in correctional education indefinitely. <\/a>She was admitted to another institution. The educational advisor\u2019s report described her as \u00bbworkshy\u00ab and \u00bbmorally degenerate\u00ab.<\/p>\n\n\n\n<p>In July 1943 she was transferred from the Municipal Children\u2019s Hospital for Nervous Diseases in Vienna to the Bischofsried workhouse for itinerants in Upper Bavaria at the instigation of the physician Ernst Illing. The physician Dr Hell interviewed Fanny Vesela there and wrote in her report that Fanny \u00bbcontaminates the institution with \u203aSchlurf mentality\u2039\u00ab. Dr Hell recommended that Fanny be educated through work with \u00bbiron discipline and utmost severity\u00ab.<\/p>\n\n\n\n<p>Fanny Vesela tried to escape Bischofsried on a number of occasions. After a failed escape attempt in July 1944, she was placed into \u00bbisolation\u00ab in the workhouse. She subsequently attempted to take her own life. Her parents wrote to Bischofsried asking for their daughter to be released or transferred back to an institution in Vienna. However, their appeal was rejected. <a>After she had been in Bischofsried for a year, the Youth Wel\u00adfare Office in the Gau (Nazi regional administrative unit) of Vienna transferred Fanny Vesela to Uckermark \u00bbyouth protection camp\u00ab in northern Germany.<\/a><\/p>\n\n\n\n<p>It is not known how long she had to spend in this youth concentration camp. In July 1945 Fanny Vesela was back in Vienna. By this point she was 18 years old. It is unclear what happened to her next.<\/p>\n\n\n\n<figure class=\"wp-block-image size-large is-resized\"><img loading=\"lazy\" decoding=\"async\" width=\"800\" height=\"529\" src=\"https:\/\/www.die-verleugneten.de\/wp-content\/uploads\/2022\/06\/Vesela_Fanny_02_Prater_Wien_Museum-800x529.jpg\" alt=\"Postkarte vom Prater in Wien\" class=\"wp-image-2620\" srcset=\"https:\/\/www.die-verleugneten.de\/wp-content\/uploads\/2022\/06\/Vesela_Fanny_02_Prater_Wien_Museum-800x529.jpg 800w, https:\/\/www.die-verleugneten.de\/wp-content\/uploads\/2022\/06\/Vesela_Fanny_02_Prater_Wien_Museum-400x265.jpg 400w, https:\/\/www.die-verleugneten.de\/wp-content\/uploads\/2022\/06\/Vesela_Fanny_02_Prater_Wien_Museum-768x508.jpg 768w, https:\/\/www.die-verleugneten.de\/wp-content\/uploads\/2022\/06\/Vesela_Fanny_02_Prater_Wien_Museum-1536x1016.jpg 1536w, https:\/\/www.die-verleugneten.de\/wp-content\/uploads\/2022\/06\/Vesela_Fanny_02_Prater_Wien_Museum-2048x1355.jpg 2048w\" sizes=\"auto, (max-width: 800px) 100vw, 800px\" \/><figcaption class=\"wp-element-caption\">Postcard of the Prater in Vienna. <br><sub>Source: Wien Museum Inv.-Nr. 205280, CC0 (https:\/\/sammlung.wienmuseum.at\/objekt\/38632\/)<\/sub><\/figcaption><\/figure>\n\n\n\n<div class=\"wp-block-boom-spacer\" style=\"height:3rem\"><\/div>\n\n\n\n<p><em>* The name has been changed<\/em><\/p>\n\n\n\n<p><\/p>\n<div class=\"popovers-wrapper\"><div id=\"popover-id-3124\" class=\"d-none\">\n<p>\u00bbSchlurfs\u00ab nennen sich Arbeiterjugendliche in Wien, die zur Zeit der NS-Herrschaft ihren eigenen Mode- Stil entwickeln und zu Jazzmusik tanzen. Das Wort \u00bbSchlurf\u00ad\u00ab steht im \u00f6sterreichischen Sprachgebrauch f\u00fcr M\u00fc\u00dfiggang. \u00c4hnlich wie die Hamburger \u00bbSwings\u00ab, die Pariser \u00bbZazous\u00ab, die Prager \u00bbPot\u00e1pki\u00ab leben \u00bbSchlurfs\u00ab in ihrer eigenen jugendlichen Subkultur, die im entschiedenen Gegensatz zu den milit\u00e4risch getrimmten NS-Jugendorganisationen steht. Sie werden von den Nationalsozialisten verfolgt.<\/p>\n<\/div><\/div>","protected":false},"excerpt":{"rendered":"<p>Franziska V. loved to hang out in Vienna\u2019s Prater amusement park or in the pubs in the city\u2019s Second District. She wanted to have fun with people of her own age. She rejected the drill of the Hitler Youth or the League of German Girls (Bund Deutscher M\u00e4del). She was a \u00bbSchlurf girl\u00ab. \u00bbSchlurf\u00ab is an Austrian German expression for idleness and means taking things easy, having fun, going for nights on the town, not following the norm. <\/p>\n","protected":false},"featured_media":6865,"parent":0,"template":"","bio-gender-age":[37],"bio-persecution":[79,80],"bio-institution":[81,83,82],"class_list":["post-1131","biography","type-biography","status-publish","has-post-thumbnail","hentry"],"acf":[],"yoast_head":"<!-- This site is optimized with the Yoast SEO plugin v23.5 - https:\/\/yoast.com\/wordpress\/plugins\/seo\/ -->\n<title>Franziska V. | Die Verleugneten<\/title>\n<meta name=\"robots\" content=\"index, follow, max-snippet:-1, max-image-preview:large, max-video-preview:-1\" \/>\n<link rel=\"canonical\" href=\"https:\/\/www.die-verleugneten.de\/en\/biography\/fanny-vesela\/\" \/>\n<meta property=\"og:locale\" content=\"en_US\" \/>\n<meta property=\"og:type\" content=\"article\" \/>\n<meta property=\"og:title\" content=\"Franziska V. | Die Verleugneten\" \/>\n<meta property=\"og:description\" content=\"Franziska V. loved to hang out in Vienna\u2019s Prater amusement park or in the pubs in the city\u2019s Second District. She wanted to have fun with people of her own age. She rejected the drill of the Hitler Youth or the League of German Girls (Bund Deutscher M\u00e4del). She was a \u00bbSchlurf girl\u00ab. \u00bbSchlurf\u00ab is an Austrian German expression for idleness and means taking things easy, having fun, going for nights on the town, not following the norm.\" \/>\n<meta property=\"og:url\" content=\"https:\/\/www.die-verleugneten.de\/en\/biography\/fanny-vesela\/\" \/>\n<meta property=\"og:site_name\" content=\"Die Verleugneten\" \/>\n<meta property=\"article:publisher\" content=\"https:\/\/www.facebook.com\/Die-Verleugneten-104463652313716\/\" \/>\n<meta property=\"article:modified_time\" content=\"2025-02-06T11:01:44+00:00\" \/>\n<meta property=\"og:image\" content=\"https:\/\/www.die-verleugneten.de\/wp-content\/uploads\/2022\/07\/vesela-fanny-01-zeichnung-michael-malle.jpeg\" \/>\n\t<meta property=\"og:image:width\" content=\"1449\" \/>\n\t<meta property=\"og:image:height\" content=\"2013\" \/>\n\t<meta property=\"og:image:type\" content=\"image\/jpeg\" \/>\n<meta name=\"twitter:card\" content=\"summary_large_image\" \/>\n<meta name=\"twitter:label1\" content=\"Est. reading time\" \/>\n\t<meta name=\"twitter:data1\" content=\"3 minutes\" \/>\n<script type=\"application\/ld+json\" class=\"yoast-schema-graph\">{\"@context\":\"https:\/\/schema.org\",\"@graph\":[{\"@type\":\"WebPage\",\"@id\":\"https:\/\/www.die-verleugneten.de\/en\/biography\/fanny-vesela\/\",\"url\":\"https:\/\/www.die-verleugneten.de\/en\/biography\/fanny-vesela\/\",\"name\":\"Franziska V. | Die Verleugneten\",\"isPartOf\":{\"@id\":\"https:\/\/www.die-verleugneten.de\/#website\"},\"primaryImageOfPage\":{\"@id\":\"https:\/\/www.die-verleugneten.de\/en\/biography\/fanny-vesela\/#primaryimage\"},\"image\":{\"@id\":\"https:\/\/www.die-verleugneten.de\/en\/biography\/fanny-vesela\/#primaryimage\"},\"thumbnailUrl\":\"https:\/\/www.die-verleugneten.de\/wp-content\/uploads\/2022\/06\/v-franziska-01-portraitfoto-ifz-muenchen-berlin.jpg\",\"datePublished\":\"2022-06-23T16:15:58+00:00\",\"dateModified\":\"2025-02-06T11:01:44+00:00\",\"breadcrumb\":{\"@id\":\"https:\/\/www.die-verleugneten.de\/en\/biography\/fanny-vesela\/#breadcrumb\"},\"inLanguage\":\"en-US\",\"potentialAction\":[{\"@type\":\"ReadAction\",\"target\":[\"https:\/\/www.die-verleugneten.de\/en\/biography\/fanny-vesela\/\"]}]},{\"@type\":\"ImageObject\",\"inLanguage\":\"en-US\",\"@id\":\"https:\/\/www.die-verleugneten.de\/en\/biography\/fanny-vesela\/#primaryimage\",\"url\":\"https:\/\/www.die-verleugneten.de\/wp-content\/uploads\/2022\/06\/v-franziska-01-portraitfoto-ifz-muenchen-berlin.jpg\",\"contentUrl\":\"https:\/\/www.die-verleugneten.de\/wp-content\/uploads\/2022\/06\/v-franziska-01-portraitfoto-ifz-muenchen-berlin.jpg\",\"width\":800,\"height\":1094,\"caption\":\"Created with GIMP\"},{\"@type\":\"BreadcrumbList\",\"@id\":\"https:\/\/www.die-verleugneten.de\/en\/biography\/fanny-vesela\/#breadcrumb\",\"itemListElement\":[{\"@type\":\"ListItem\",\"position\":1,\"name\":\"Start\",\"item\":\"https:\/\/www.die-verleugneten.de\/en\/\"},{\"@type\":\"ListItem\",\"position\":2,\"name\":\"Franziska V.\"}]},{\"@type\":\"WebSite\",\"@id\":\"https:\/\/www.die-verleugneten.de\/#website\",\"url\":\"https:\/\/www.die-verleugneten.de\/\",\"name\":\"Die Verleugneten\",\"description\":\"Als als vermeintliche &quot;Asoziale&quot; und &quot;Berufsverbrecher&quot; verfolgt\",\"publisher\":{\"@id\":\"https:\/\/www.die-verleugneten.de\/#organization\"},\"potentialAction\":[{\"@type\":\"SearchAction\",\"target\":{\"@type\":\"EntryPoint\",\"urlTemplate\":\"https:\/\/www.die-verleugneten.de\/?s={search_term_string}\"},\"query-input\":{\"@type\":\"PropertyValueSpecification\",\"valueRequired\":true,\"valueName\":\"search_term_string\"}}],\"inLanguage\":\"en-US\"},{\"@type\":\"Organization\",\"@id\":\"https:\/\/www.die-verleugneten.de\/#organization\",\"name\":\"Die Verleugneten\",\"url\":\"https:\/\/www.die-verleugneten.de\/\",\"logo\":{\"@type\":\"ImageObject\",\"inLanguage\":\"en-US\",\"@id\":\"https:\/\/www.die-verleugneten.de\/#\/schema\/logo\/image\/\",\"url\":\"https:\/\/www.die-verleugneten.de\/wp-content\/uploads\/2022\/03\/DV-Logo.svg\",\"contentUrl\":\"https:\/\/www.die-verleugneten.de\/wp-content\/uploads\/2022\/03\/DV-Logo.svg\",\"width\":210,\"height\":80,\"caption\":\"Die Verleugneten\"},\"image\":{\"@id\":\"https:\/\/www.die-verleugneten.de\/#\/schema\/logo\/image\/\"},\"sameAs\":[\"https:\/\/www.facebook.com\/Die-Verleugneten-104463652313716\/\",\"https:\/\/www.instagram.com\/die_verleugneten\/\"]}]}<\/script>\n<!-- \/ Yoast SEO plugin. -->","yoast_head_json":{"title":"Franziska V. | Die Verleugneten","robots":{"index":"index","follow":"follow","max-snippet":"max-snippet:-1","max-image-preview":"max-image-preview:large","max-video-preview":"max-video-preview:-1"},"canonical":"https:\/\/www.die-verleugneten.de\/en\/biography\/fanny-vesela\/","og_locale":"en_US","og_type":"article","og_title":"Franziska V. | Die Verleugneten","og_description":"Franziska V. loved to hang out in Vienna\u2019s Prater amusement park or in the pubs in the city\u2019s Second District. She wanted to have fun with people of her own age. She rejected the drill of the Hitler Youth or the League of German Girls (Bund Deutscher M\u00e4del). She was a \u00bbSchlurf girl\u00ab. \u00bbSchlurf\u00ab is an Austrian German expression for idleness and means taking things easy, having fun, going for nights on the town, not following the norm.","og_url":"https:\/\/www.die-verleugneten.de\/en\/biography\/fanny-vesela\/","og_site_name":"Die Verleugneten","article_publisher":"https:\/\/www.facebook.com\/Die-Verleugneten-104463652313716\/","article_modified_time":"2025-02-06T11:01:44+00:00","og_image":[{"width":1449,"height":2013,"url":"https:\/\/www.die-verleugneten.de\/wp-content\/uploads\/2022\/07\/vesela-fanny-01-zeichnung-michael-malle.jpeg","type":"image\/jpeg"}],"twitter_card":"summary_large_image","twitter_misc":{"Est. reading time":"3 minutes"},"schema":{"@context":"https:\/\/schema.org","@graph":[{"@type":"WebPage","@id":"https:\/\/www.die-verleugneten.de\/en\/biography\/fanny-vesela\/","url":"https:\/\/www.die-verleugneten.de\/en\/biography\/fanny-vesela\/","name":"Franziska V. | Die Verleugneten","isPartOf":{"@id":"https:\/\/www.die-verleugneten.de\/#website"},"primaryImageOfPage":{"@id":"https:\/\/www.die-verleugneten.de\/en\/biography\/fanny-vesela\/#primaryimage"},"image":{"@id":"https:\/\/www.die-verleugneten.de\/en\/biography\/fanny-vesela\/#primaryimage"},"thumbnailUrl":"https:\/\/www.die-verleugneten.de\/wp-content\/uploads\/2022\/06\/v-franziska-01-portraitfoto-ifz-muenchen-berlin.jpg","datePublished":"2022-06-23T16:15:58+00:00","dateModified":"2025-02-06T11:01:44+00:00","breadcrumb":{"@id":"https:\/\/www.die-verleugneten.de\/en\/biography\/fanny-vesela\/#breadcrumb"},"inLanguage":"en-US","potentialAction":[{"@type":"ReadAction","target":["https:\/\/www.die-verleugneten.de\/en\/biography\/fanny-vesela\/"]}]},{"@type":"ImageObject","inLanguage":"en-US","@id":"https:\/\/www.die-verleugneten.de\/en\/biography\/fanny-vesela\/#primaryimage","url":"https:\/\/www.die-verleugneten.de\/wp-content\/uploads\/2022\/06\/v-franziska-01-portraitfoto-ifz-muenchen-berlin.jpg","contentUrl":"https:\/\/www.die-verleugneten.de\/wp-content\/uploads\/2022\/06\/v-franziska-01-portraitfoto-ifz-muenchen-berlin.jpg","width":800,"height":1094,"caption":"Created with GIMP"},{"@type":"BreadcrumbList","@id":"https:\/\/www.die-verleugneten.de\/en\/biography\/fanny-vesela\/#breadcrumb","itemListElement":[{"@type":"ListItem","position":1,"name":"Start","item":"https:\/\/www.die-verleugneten.de\/en\/"},{"@type":"ListItem","position":2,"name":"Franziska V."}]},{"@type":"WebSite","@id":"https:\/\/www.die-verleugneten.de\/#website","url":"https:\/\/www.die-verleugneten.de\/","name":"Die Verleugneten","description":"Als als vermeintliche &quot;Asoziale&quot; und &quot;Berufsverbrecher&quot; verfolgt","publisher":{"@id":"https:\/\/www.die-verleugneten.de\/#organization"},"potentialAction":[{"@type":"SearchAction","target":{"@type":"EntryPoint","urlTemplate":"https:\/\/www.die-verleugneten.de\/?s={search_term_string}"},"query-input":{"@type":"PropertyValueSpecification","valueRequired":true,"valueName":"search_term_string"}}],"inLanguage":"en-US"},{"@type":"Organization","@id":"https:\/\/www.die-verleugneten.de\/#organization","name":"Die Verleugneten","url":"https:\/\/www.die-verleugneten.de\/","logo":{"@type":"ImageObject","inLanguage":"en-US","@id":"https:\/\/www.die-verleugneten.de\/#\/schema\/logo\/image\/","url":"https:\/\/www.die-verleugneten.de\/wp-content\/uploads\/2022\/03\/DV-Logo.svg","contentUrl":"https:\/\/www.die-verleugneten.de\/wp-content\/uploads\/2022\/03\/DV-Logo.svg","width":210,"height":80,"caption":"Die Verleugneten"},"image":{"@id":"https:\/\/www.die-verleugneten.de\/#\/schema\/logo\/image\/"},"sameAs":["https:\/\/www.facebook.com\/Die-Verleugneten-104463652313716\/","https:\/\/www.instagram.com\/die_verleugneten\/"]}]}},"_links":{"self":[{"href":"https:\/\/www.die-verleugneten.de\/en\/wp-json\/wp\/v2\/biography\/1131","targetHints":{"allow":["GET"]}}],"collection":[{"href":"https:\/\/www.die-verleugneten.de\/en\/wp-json\/wp\/v2\/biography"}],"about":[{"href":"https:\/\/www.die-verleugneten.de\/en\/wp-json\/wp\/v2\/types\/biography"}],"version-history":[{"count":30,"href":"https:\/\/www.die-verleugneten.de\/en\/wp-json\/wp\/v2\/biography\/1131\/revisions"}],"predecessor-version":[{"id":5998,"href":"https:\/\/www.die-verleugneten.de\/en\/wp-json\/wp\/v2\/biography\/1131\/revisions\/5998"}],"wp:featuredmedia":[{"embeddable":true,"href":"https:\/\/www.die-verleugneten.de\/en\/wp-json\/wp\/v2\/media\/6865"}],"wp:attachment":[{"href":"https:\/\/www.die-verleugneten.de\/en\/wp-json\/wp\/v2\/media?parent=1131"}],"wp:term":[{"taxonomy":"bio-gender-age","embeddable":true,"href":"https:\/\/www.die-verleugneten.de\/en\/wp-json\/wp\/v2\/bio-gender-age?post=1131"},{"taxonomy":"bio-persecution","embeddable":true,"href":"https:\/\/www.die-verleugneten.de\/en\/wp-json\/wp\/v2\/bio-persecution?post=1131"},{"taxonomy":"bio-institution","embeddable":true,"href":"https:\/\/www.die-verleugneten.de\/en\/wp-json\/wp\/v2\/bio-institution?post=1131"}],"curies":[{"name":"wp","href":"https:\/\/api.w.org\/{rel}","templated":true}]}}