{"id":4656,"date":"2022-03-04T11:53:34","date_gmt":"2022-03-04T10:53:34","guid":{"rendered":"https:\/\/www.die-verleugneten.de\/exhibtion\/"},"modified":"2025-04-29T10:34:39","modified_gmt":"2025-04-29T08:34:39","slug":"exhibtion","status":"publish","type":"page","link":"https:\/\/www.die-verleugneten.de\/en\/exhibtion\/","title":{"rendered":"Exhibition"},"content":{"rendered":"\n<div class=\"wp-block-columns is-layout-flex wp-container-core-columns-is-layout-9d6595d7 wp-block-columns-is-layout-flex\">\n<div class=\"wp-block-column is-layout-flow wp-block-column-is-layout-flow\" style=\"flex-basis:66.66%\">\n<p class=\"has-lead-font-size\">Here you find information about the exhibition \u201cThe Disavowed. Victims of National Socialism 1933 \u2013 1945 \u2013 Today\u201d.<\/p>\n<\/div>\n\n\n\n<div class=\"wp-block-column is-layout-flow wp-block-column-is-layout-flow\" style=\"flex-basis:33.33%\"><\/div>\n<\/div>\n\n\n\n<div class=\"wp-block-boom-spacer\" style=\"height:3.9rem\"><\/div>\n\n\n\n<div \tclass=\"wp-block-boom-query-posts\">\n\n\t<div id=\"block_f96ee3a958d615812dd6054c32bca92a\" class=\"row\" aria-live=\"polite\" data-posts-wrapper>\n\n\t\t<span class=\"visually-hidden\">\n\t\t\tWe found 3 results for your search.\t\t<\/span>\n\n\t\t\n\t\t\t<article id=\"post-5808\" class=\"d-flex flex-column mb-9 col-md-6 col-lg-4 post-5808 post type-post status-publish format-standard has-post-thumbnail hentry category-exhibition\">\n\n\t\t<a class=\"post-thumbnail mb-4 img-zoomin\" href=\"https:\/\/www.die-verleugneten.de\/en\/exhibition\/exhibition\/\" aria-hidden=\"true\" tabindex=\"-1\">\n\t\t<img loading=\"lazy\" decoding=\"async\" width=\"400\" height=\"400\" src=\"https:\/\/www.die-verleugneten.de\/wp-content\/uploads\/2025\/01\/01-exhibition-400x400.png\" class=\"size-medium img-square wp-post-image\" alt=\"Exhibition\" style=\"\" srcset=\"https:\/\/www.die-verleugneten.de\/wp-content\/uploads\/2025\/01\/01-exhibition-400x400.png 400w, https:\/\/www.die-verleugneten.de\/wp-content\/uploads\/2025\/01\/01-exhibition-800x800.png 800w, https:\/\/www.die-verleugneten.de\/wp-content\/uploads\/2025\/01\/01-exhibition-150x150.png 150w, https:\/\/www.die-verleugneten.de\/wp-content\/uploads\/2025\/01\/01-exhibition-768x768.png 768w, https:\/\/www.die-verleugneten.de\/wp-content\/uploads\/2025\/01\/01-exhibition.png 1080w\" sizes=\"auto, (max-width: 400px) 100vw, 400px\" \/>\t<\/a>\n\t\n\t<header class=\"entry-header\">\n\n\t\t<h2 class=\"entry-title pt-0 h3\"><a href=\"https:\/\/www.die-verleugneten.de\/en\/exhibition\/exhibition\/\" rel=\"bookmark\" class=\"teaser--link d-block\">Exhibition<\/a><\/h2>\n\t<\/header>\n\n\t<div class=\"teaser-excerpt mb-1\"><p>This is an exhibition about people persecuted under National Socialism as \u201easocials\u201c and \u201ecareer criminals\u201c. Here, their experiences are at the forefront.&#13; Between 1933 and 1945 the German authorities and police acted&#8230;<\/p>\n<\/div>\n\n<p class=\"teaser-button mt-auto\">\n\t<a class=\"btn btn-primary mt-8\" href=\"https:\/\/www.die-verleugneten.de\/en\/exhibition\/exhibition\/\" aria-label=\"To Article: Exhibition\">learn more<\/a>\n<\/p>\n\n<\/article>\n<article id=\"post-5846\" class=\"d-flex flex-column mb-9 col-md-6 col-lg-4 post-5846 post type-post status-publish format-standard has-post-thumbnail hentry category-exhibition\">\n\n\t\t<a class=\"post-thumbnail mb-4 img-zoomin\" href=\"https:\/\/www.die-verleugneten.de\/en\/exhibition\/locations\/\" aria-hidden=\"true\" tabindex=\"-1\">\n\t\t<img loading=\"lazy\" decoding=\"async\" width=\"400\" height=\"400\" src=\"https:\/\/www.die-verleugneten.de\/wp-content\/uploads\/2024\/10\/05-location-400x400.png\" class=\"size-medium img-square wp-post-image\" alt=\"Locations\" style=\"\" srcset=\"https:\/\/www.die-verleugneten.de\/wp-content\/uploads\/2024\/10\/05-location-400x400.png 400w, https:\/\/www.die-verleugneten.de\/wp-content\/uploads\/2024\/10\/05-location-800x800.png 800w, https:\/\/www.die-verleugneten.de\/wp-content\/uploads\/2024\/10\/05-location-150x150.png 150w, https:\/\/www.die-verleugneten.de\/wp-content\/uploads\/2024\/10\/05-location-768x768.png 768w, https:\/\/www.die-verleugneten.de\/wp-content\/uploads\/2024\/10\/05-location.png 1080w\" sizes=\"auto, (max-width: 400px) 100vw, 400px\" \/>\t<\/a>\n\t\n\t<header class=\"entry-header\">\n\n\t\t<h2 class=\"entry-title pt-0 h3\"><a href=\"https:\/\/www.die-verleugneten.de\/en\/exhibition\/locations\/\" rel=\"bookmark\" class=\"teaser--link d-block\">Locations<\/a><\/h2>\n\t<\/header>\n\n\t<div class=\"teaser-excerpt mb-1\">The modular exhibition will be on display at various locations in Germany and Austria in the coming years. Osthofen Concentration Camp Memorial April 22 &#8211; June 19, 2026 AddressGedenkst\u00e4tte <a tabindex=\"0\" role=\"button\" class=\"glossary\" data-bs-toggle=\"popover\" data-bs-trigger=\"hover focus\" title=\"KZ\" data-bs-content-id=\"popover-id-3948\" aria-label=\"KZ - Glossary term\">KZ<\/a> OsthofenZiegelh\u00fcttenweg 3867574&#8230;<div class=\"popovers-wrapper\"><div id=\"popover-id-3948\" class=\"d-none\">\n<p><strong>Abk\u00fcrzung f\u00fcr Konzentrations\u00adlager<\/strong><\/p>\n\n\n\n<p>Bezeichnung f\u00fcr alle im Herrschaftsbereich der Nationalsozialisten errichteten Haftst\u00e4tten f\u00fcr politische Gegner\/-innen oder Menschen, die zu solchen erkl\u00e4rt wurden. Die Gefangenen sterben an schwerer k\u00f6rperlicher Zwangsarbeit, Unterern\u00e4hrung, Krankheiten, Folter sowie durch gezielte und willk\u00fcrliche Morde. Die Lager stehen unter Kontrolle der SS (Schutzstaffel). Zwischen 1933 und 1945 waren insgesamt 2,5 bis 3,5 Millionen Menschen in Konzentrations\u00adlagern inhaftiert.<\/p>\n<\/div><\/div><\/div>\n\n<p class=\"teaser-button mt-auto\">\n\t<a class=\"btn btn-primary mt-8\" href=\"https:\/\/www.die-verleugneten.de\/en\/exhibition\/locations\/\" aria-label=\"To Article: Locations\">learn more<\/a>\n<\/p>\n\n<\/article>\n<article id=\"post-5835\" class=\"d-flex flex-column mb-9 col-md-6 col-lg-4 post-5835 post type-post status-publish format-standard has-post-thumbnail hentry category-exhibition\">\n\n\t\t<a class=\"post-thumbnail mb-4 img-zoomin\" href=\"https:\/\/www.die-verleugneten.de\/en\/exhibition\/opening-in-berlin\/\" aria-hidden=\"true\" tabindex=\"-1\">\n\t\t<img loading=\"lazy\" decoding=\"async\" width=\"400\" height=\"400\" src=\"https:\/\/www.die-verleugneten.de\/wp-content\/uploads\/2025\/01\/02-opening-400x400.png\" class=\"size-medium img-square wp-post-image\" alt=\"Opening in Berlin\" style=\"\" srcset=\"https:\/\/www.die-verleugneten.de\/wp-content\/uploads\/2025\/01\/02-opening-400x400.png 400w, https:\/\/www.die-verleugneten.de\/wp-content\/uploads\/2025\/01\/02-opening-800x800.png 800w, https:\/\/www.die-verleugneten.de\/wp-content\/uploads\/2025\/01\/02-opening-150x150.png 150w, https:\/\/www.die-verleugneten.de\/wp-content\/uploads\/2025\/01\/02-opening-768x768.png 768w, https:\/\/www.die-verleugneten.de\/wp-content\/uploads\/2025\/01\/02-opening.png 1080w\" sizes=\"auto, (max-width: 400px) 100vw, 400px\" \/>\t<\/a>\n\t\n\t<header class=\"entry-header\">\n\n\t\t<h2 class=\"entry-title pt-0 h3\"><a href=\"https:\/\/www.die-verleugneten.de\/en\/exhibition\/opening-in-berlin\/\" rel=\"bookmark\" class=\"teaser--link d-block\">Opening in Berlin<\/a><\/h2>\n\t<\/header>\n\n\t<div class=\"teaser-excerpt mb-1\"><p>Berlin 10 October 2024 On 10 October 2024, the Flossenb\u00fcrg Concentration Camp Memorial and the Foundation Memorial to the Murdered Jews of Europe invited to the opening of the exhibition &#8220;The Disavowed&#8230;.<\/p>\n<\/div>\n\n<p class=\"teaser-button mt-auto\">\n\t<a class=\"btn btn-primary mt-8\" href=\"https:\/\/www.die-verleugneten.de\/en\/exhibition\/opening-in-berlin\/\" aria-label=\"To Article: Opening in Berlin\">learn more<\/a>\n<\/p>\n\n<\/article>\n\n\t\t\t\n\t\t\n\t<\/div>\n\n<\/div>\n\n\n\n<p><\/p>\n","protected":false},"excerpt":{"rendered":"<p>Here you find information about the exhibition \u201cThe Disavowed. Victims of National Socialism 1933 \u2013 1945 \u2013 Today\u201d.<\/p>\n","protected":false},"author":5,"featured_media":0,"parent":0,"menu_order":0,"comment_status":"closed","ping_status":"closed","template":"","meta":{"_acf_changed":false,"footnotes":""},"class_list":["post-4656","page","type-page","status-publish","hentry"],"acf":[],"yoast_head":"<!-- This site is optimized with the Yoast SEO plugin v23.5 - https:\/\/yoast.com\/wordpress\/plugins\/seo\/ -->\n<title>Exhibition | Die Verleugneten<\/title>\n<meta name=\"robots\" content=\"index, follow, max-snippet:-1, max-image-preview:large, max-video-preview:-1\" \/>\n<link rel=\"canonical\" href=\"https:\/\/www.die-verleugneten.de\/en\/exhibtion\/\" \/>\n<meta property=\"og:locale\" content=\"en_US\" \/>\n<meta property=\"og:type\" content=\"article\" \/>\n<meta property=\"og:title\" content=\"Exhibition | Die Verleugneten\" \/>\n<meta property=\"og:description\" content=\"Here you find information about the exhibition \u201cThe Disavowed. Victims of National Socialism 1933 \u2013 1945 \u2013 Today\u201d.\" \/>\n<meta property=\"og:url\" content=\"https:\/\/www.die-verleugneten.de\/en\/exhibtion\/\" \/>\n<meta property=\"og:site_name\" content=\"Die Verleugneten\" \/>\n<meta property=\"article:publisher\" content=\"https:\/\/www.facebook.com\/Die-Verleugneten-104463652313716\/\" \/>\n<meta property=\"article:modified_time\" content=\"2025-04-29T08:34:39+00:00\" \/>\n<meta name=\"twitter:card\" content=\"summary_large_image\" \/>\n<script type=\"application\/ld+json\" class=\"yoast-schema-graph\">{\"@context\":\"https:\/\/schema.org\",\"@graph\":[{\"@type\":\"WebPage\",\"@id\":\"https:\/\/www.die-verleugneten.de\/en\/exhibtion\/\",\"url\":\"https:\/\/www.die-verleugneten.de\/en\/exhibtion\/\",\"name\":\"Exhibition | Die Verleugneten\",\"isPartOf\":{\"@id\":\"https:\/\/www.die-verleugneten.de\/#website\"},\"datePublished\":\"2022-03-04T10:53:34+00:00\",\"dateModified\":\"2025-04-29T08:34:39+00:00\",\"breadcrumb\":{\"@id\":\"https:\/\/www.die-verleugneten.de\/en\/exhibtion\/#breadcrumb\"},\"inLanguage\":\"en-US\",\"potentialAction\":[{\"@type\":\"ReadAction\",\"target\":[\"https:\/\/www.die-verleugneten.de\/en\/exhibtion\/\"]}]},{\"@type\":\"BreadcrumbList\",\"@id\":\"https:\/\/www.die-verleugneten.de\/en\/exhibtion\/#breadcrumb\",\"itemListElement\":[{\"@type\":\"ListItem\",\"position\":1,\"name\":\"Start\",\"item\":\"https:\/\/www.die-verleugneten.de\/en\/\"},{\"@type\":\"ListItem\",\"position\":2,\"name\":\"Exhibition\"}]},{\"@type\":\"WebSite\",\"@id\":\"https:\/\/www.die-verleugneten.de\/#website\",\"url\":\"https:\/\/www.die-verleugneten.de\/\",\"name\":\"Die Verleugneten\",\"description\":\"Als als vermeintliche &quot;Asoziale&quot; und &quot;Berufsverbrecher&quot; verfolgt\",\"publisher\":{\"@id\":\"https:\/\/www.die-verleugneten.de\/#organization\"},\"potentialAction\":[{\"@type\":\"SearchAction\",\"target\":{\"@type\":\"EntryPoint\",\"urlTemplate\":\"https:\/\/www.die-verleugneten.de\/?s={search_term_string}\"},\"query-input\":{\"@type\":\"PropertyValueSpecification\",\"valueRequired\":true,\"valueName\":\"search_term_string\"}}],\"inLanguage\":\"en-US\"},{\"@type\":\"Organization\",\"@id\":\"https:\/\/www.die-verleugneten.de\/#organization\",\"name\":\"Die Verleugneten\",\"url\":\"https:\/\/www.die-verleugneten.de\/\",\"logo\":{\"@type\":\"ImageObject\",\"inLanguage\":\"en-US\",\"@id\":\"https:\/\/www.die-verleugneten.de\/#\/schema\/logo\/image\/\",\"url\":\"https:\/\/www.die-verleugneten.de\/wp-content\/uploads\/2022\/03\/DV-Logo.svg\",\"contentUrl\":\"https:\/\/www.die-verleugneten.de\/wp-content\/uploads\/2022\/03\/DV-Logo.svg\",\"width\":210,\"height\":80,\"caption\":\"Die Verleugneten\"},\"image\":{\"@id\":\"https:\/\/www.die-verleugneten.de\/#\/schema\/logo\/image\/\"},\"sameAs\":[\"https:\/\/www.facebook.com\/Die-Verleugneten-104463652313716\/\",\"https:\/\/www.instagram.com\/die_verleugneten\/\"]}]}<\/script>\n<!-- \/ Yoast SEO plugin. -->","yoast_head_json":{"title":"Exhibition | Die Verleugneten","robots":{"index":"index","follow":"follow","max-snippet":"max-snippet:-1","max-image-preview":"max-image-preview:large","max-video-preview":"max-video-preview:-1"},"canonical":"https:\/\/www.die-verleugneten.de\/en\/exhibtion\/","og_locale":"en_US","og_type":"article","og_title":"Exhibition | Die Verleugneten","og_description":"Here you find information about the exhibition \u201cThe Disavowed. Victims of National Socialism 1933 \u2013 1945 \u2013 Today\u201d.","og_url":"https:\/\/www.die-verleugneten.de\/en\/exhibtion\/","og_site_name":"Die Verleugneten","article_publisher":"https:\/\/www.facebook.com\/Die-Verleugneten-104463652313716\/","article_modified_time":"2025-04-29T08:34:39+00:00","twitter_card":"summary_large_image","schema":{"@context":"https:\/\/schema.org","@graph":[{"@type":"WebPage","@id":"https:\/\/www.die-verleugneten.de\/en\/exhibtion\/","url":"https:\/\/www.die-verleugneten.de\/en\/exhibtion\/","name":"Exhibition | Die Verleugneten","isPartOf":{"@id":"https:\/\/www.die-verleugneten.de\/#website"},"datePublished":"2022-03-04T10:53:34+00:00","dateModified":"2025-04-29T08:34:39+00:00","breadcrumb":{"@id":"https:\/\/www.die-verleugneten.de\/en\/exhibtion\/#breadcrumb"},"inLanguage":"en-US","potentialAction":[{"@type":"ReadAction","target":["https:\/\/www.die-verleugneten.de\/en\/exhibtion\/"]}]},{"@type":"BreadcrumbList","@id":"https:\/\/www.die-verleugneten.de\/en\/exhibtion\/#breadcrumb","itemListElement":[{"@type":"ListItem","position":1,"name":"Start","item":"https:\/\/www.die-verleugneten.de\/en\/"},{"@type":"ListItem","position":2,"name":"Exhibition"}]},{"@type":"WebSite","@id":"https:\/\/www.die-verleugneten.de\/#website","url":"https:\/\/www.die-verleugneten.de\/","name":"Die Verleugneten","description":"Als als vermeintliche &quot;Asoziale&quot; und &quot;Berufsverbrecher&quot; verfolgt","publisher":{"@id":"https:\/\/www.die-verleugneten.de\/#organization"},"potentialAction":[{"@type":"SearchAction","target":{"@type":"EntryPoint","urlTemplate":"https:\/\/www.die-verleugneten.de\/?s={search_term_string}"},"query-input":{"@type":"PropertyValueSpecification","valueRequired":true,"valueName":"search_term_string"}}],"inLanguage":"en-US"},{"@type":"Organization","@id":"https:\/\/www.die-verleugneten.de\/#organization","name":"Die Verleugneten","url":"https:\/\/www.die-verleugneten.de\/","logo":{"@type":"ImageObject","inLanguage":"en-US","@id":"https:\/\/www.die-verleugneten.de\/#\/schema\/logo\/image\/","url":"https:\/\/www.die-verleugneten.de\/wp-content\/uploads\/2022\/03\/DV-Logo.svg","contentUrl":"https:\/\/www.die-verleugneten.de\/wp-content\/uploads\/2022\/03\/DV-Logo.svg","width":210,"height":80,"caption":"Die Verleugneten"},"image":{"@id":"https:\/\/www.die-verleugneten.de\/#\/schema\/logo\/image\/"},"sameAs":["https:\/\/www.facebook.com\/Die-Verleugneten-104463652313716\/","https:\/\/www.instagram.com\/die_verleugneten\/"]}]}},"_links":{"self":[{"href":"https:\/\/www.die-verleugneten.de\/en\/wp-json\/wp\/v2\/pages\/4656","targetHints":{"allow":["GET"]}}],"collection":[{"href":"https:\/\/www.die-verleugneten.de\/en\/wp-json\/wp\/v2\/pages"}],"about":[{"href":"https:\/\/www.die-verleugneten.de\/en\/wp-json\/wp\/v2\/types\/page"}],"author":[{"embeddable":true,"href":"https:\/\/www.die-verleugneten.de\/en\/wp-json\/wp\/v2\/users\/5"}],"replies":[{"embeddable":true,"href":"https:\/\/www.die-verleugneten.de\/en\/wp-json\/wp\/v2\/comments?post=4656"}],"version-history":[{"count":6,"href":"https:\/\/www.die-verleugneten.de\/en\/wp-json\/wp\/v2\/pages\/4656\/revisions"}],"predecessor-version":[{"id":6244,"href":"https:\/\/www.die-verleugneten.de\/en\/wp-json\/wp\/v2\/pages\/4656\/revisions\/6244"}],"wp:attachment":[{"href":"https:\/\/www.die-verleugneten.de\/en\/wp-json\/wp\/v2\/media?parent=4656"}],"curies":[{"name":"wp","href":"https:\/\/api.w.org\/{rel}","templated":true}]}}